{"id":1474,"date":"2020-12-06T23:16:48","date_gmt":"2020-12-06T23:16:48","guid":{"rendered":"http:\/\/www.piat.type.pl\/swiat\/?p=1474"},"modified":"2021-03-10T21:34:24","modified_gmt":"2021-03-10T21:34:24","slug":"sciezki-czarnohory","status":"publish","type":"page","link":"https:\/\/www.piat.type.pl\/swiat\/sciezki-czarnohory\/","title":{"rendered":"\u015acie\u017cki Czarnohory"},"content":{"rendered":"<p style=\"text-align: justify;\">Tradycyjny zimowy rajd g\u00f3rski &#8222;Bia\u0142e Po\u0142oniny&#8221; (organizowany przez <a href=\"http:\/\/www.skpb.waw.pl\">SKPB\u00a0Warszawa<\/a>) w 2018 roku odby\u0142 si\u0119 na Ukrainie w\u00a0Czarnohorze &#8211; pa\u015bmie, o\u00a0kt\u00f3rym prowadz\u0105cy rajd Pawe\u0142 <em>Pingwin<\/em> \u0141odzi\u0144ski i Piotr <em>Pastuszek<\/em> Koperski tak napisali w\u00a0zaproszeniu:<\/p>\n<p style=\"text-align: justify;\"><em>&#8222;To po\u0142oninne pasmo Karpat Wschodnich, jednocze\u015bnie najwy\u017csza cz\u0119\u015b\u0107 ca\u0142ych Beskid\u00f3w, zim\u0105 wygl\u0105da naprawd\u0119 zjawiskowo. Strome, o\u015bnie\u017cone urwiska otaczaj\u0105ce kot\u0142y, kamienne iglice, zamarzni\u0119te jeziorka, rozleg\u0142a panorama okolicznych g\u00f3r i pasm\u2026 to widoki zapieraj\u0105ce dech, kt\u00f3re na zawsze pozostaj\u0105 w pami\u0119ci. Howerla (2061 m n.p.m.) jest najwy\u017cszym szczytem Czarnohory, Ukrainy i ca\u0142ych Beskid\u00f3w, a zdobycie go zim\u0105 mo\u017ce by\u0107 atrakcj\u0105 i\u00a0wyzwaniem&#8221;.<\/em><\/p>\n<p style=\"text-align: justify;\">Howerli nie uda\u0142o si\u0119 zdoby\u0107 &#8211; na g\u0142\u00f3wnej grani wia\u0142y huraganowe wiatry i nie by\u0142o nic wida\u0107, ale okaza\u0142o si\u0119, \u017ce r\u00f3wnie\u017c ni\u017csze partie pasma potrafi\u0105 dostarczy\u0107 obiecanych wra\u017ce\u0144.<\/p>\n<p style=\"text-align: justify;\">Akordeonowa dumka pochodzi z p\u0142yty nagranej wsp\u00f3lnie przez zesp\u00f3\u0142 Wojciecha Waglewskiego &#8222;Voo Voo&#8221; i ukrai\u0144sk\u0105 formacj\u0119 folkrockow\u0105 &#8222;Haydamaky&#8221;.<\/p>\n\n<div id=\"attachment_301\" style=\"width: 310px\" class=\"wp-caption aligncenter\"><a class=\"fancybox-vimeo\" href=\"http:\/\/player.vimeo.com\/video\/255243573?title=0;byline=0;portrait=0;autoplay=1;loop=1;autopause=0;quality=720p\"><img loading=\"lazy\" decoding=\"async\" aria-describedby=\"caption-attachment-301\" class=\"wp-image-301 size-medium\" title=\"\u015acie\u017cki Czarnohory\" src=\"https:\/\/www.piat.type.pl\/swiat\/wp-content\/uploads\/2018\/05\/czarnohora-4-300x300.jpg\" alt=\"\" width=\"300\" height=\"300\" \/><\/a><p id=\"caption-attachment-301\" class=\"wp-caption-text\">Kliknij na obrazek, aby zobaczy\u0107 film<\/p><\/div>\n<p><br \/>\n<\/p>\n<p style=\"text-align: center;\">Zdj\u0119cia:<br \/>\n<strong>Regina i Andrzej Pi\u0105tek<\/strong><\/p>\n<p style=\"text-align: center;\">Muzyka:<br \/>\n<strong><span class=\"st\">Voo Voo i Haydamaky &#8211; &#8222;Dumka dla Kitona&#8221;<\/span><\/strong><\/p>\n","protected":false},"excerpt":{"rendered":"<p>Tradycyjny zimowy rajd g\u00f3rski &#8222;Bia\u0142e Po\u0142oniny&#8221; (organizowany przez SKPB\u00a0Warszawa) w 2018 roku odby\u0142 si\u0119 na Ukrainie w\u00a0Czarnohorze &#8211; pa\u015bmie, o\u00a0kt\u00f3rym prowadz\u0105cy rajd Pawe\u0142 Pingwin \u0141odzi\u0144ski i Piotr Pastuszek Koperski tak napisali w\u00a0zaproszeniu: &#8222;To po\u0142oninne pasmo Karpat Wschodnich, jednocze\u015bnie najwy\u017csza cz\u0119\u015b\u0107 ca\u0142ych Beskid\u00f3w, zim\u0105 wygl\u0105da naprawd\u0119 zjawiskowo. Strome, o\u015bnie\u017cone urwiska otaczaj\u0105ce kot\u0142y, kamienne iglice, zamarzni\u0119te jeziorka, [&hellip;]<\/p>\n","protected":false},"author":1,"featured_media":296,"parent":0,"menu_order":16,"comment_status":"closed","ping_status":"closed","template":"","meta":{"footnotes":""},"class_list":["post-1474","page","type-page","status-publish","has-post-thumbnail","hentry"],"_links":{"self":[{"href":"https:\/\/www.piat.type.pl\/swiat\/wp-json\/wp\/v2\/pages\/1474","targetHints":{"allow":["GET"]}}],"collection":[{"href":"https:\/\/www.piat.type.pl\/swiat\/wp-json\/wp\/v2\/pages"}],"about":[{"href":"https:\/\/www.piat.type.pl\/swiat\/wp-json\/wp\/v2\/types\/page"}],"author":[{"embeddable":true,"href":"https:\/\/www.piat.type.pl\/swiat\/wp-json\/wp\/v2\/users\/1"}],"replies":[{"embeddable":true,"href":"https:\/\/www.piat.type.pl\/swiat\/wp-json\/wp\/v2\/comments?post=1474"}],"version-history":[{"count":0,"href":"https:\/\/www.piat.type.pl\/swiat\/wp-json\/wp\/v2\/pages\/1474\/revisions"}],"wp:featuredmedia":[{"embeddable":true,"href":"https:\/\/www.piat.type.pl\/swiat\/wp-json\/wp\/v2\/media\/296"}],"wp:attachment":[{"href":"https:\/\/www.piat.type.pl\/swiat\/wp-json\/wp\/v2\/media?parent=1474"}],"curies":[{"name":"wp","href":"https:\/\/api.w.org\/{rel}","templated":true}]}}