{"id":1465,"date":"2020-12-06T23:13:02","date_gmt":"2020-12-06T23:13:02","guid":{"rendered":"http:\/\/www.piat.type.pl\/swiat\/?p=1465"},"modified":"2021-11-11T18:49:37","modified_gmt":"2021-11-11T18:49:37","slug":"przezyc-dzien-jak-elf","status":"publish","type":"page","link":"https:\/\/www.piat.type.pl\/swiat\/przezyc-dzien-jak-elf\/","title":{"rendered":"Prze\u017cy\u0107 dzie\u0144 jak elf"},"content":{"rendered":"<p style=\"text-align: justify;\">Islandia &#8211; odwiedzili\u015bmy j\u0105 we wrze\u015bniu 2017 roku z zamiarem zag\u0142\u0119bienia si\u0119 w&nbsp;islandzki interior, ale nie samochodem terenowym, jak to si\u0119 robi najcz\u0119\u015bciej, tylko piechot\u0105 &#8211; z&nbsp;namiotem. To jest pewne wyzwanie, bo klimat bywa ci\u0119\u017cki, ale my tak lubimy najbardziej &#8211; to daje szanse na dotarcie do miejsc, gdzie nikogo nie spotkamy. Dla mnie s\u0105 to te\u017c najlepsze warunki do robienia zdj\u0119\u0107 &#8211; nie umiem fotografowa\u0107 ludzi, zdecydowanie wol\u0119 przyrod\u0119. Zwykle jest tak, \u017ce, jak ju\u017c te zdj\u0119cia s\u0105 zrobione, to potem &#8211; po powrocie, pojawia si\u0119 jaki\u015b pomys\u0142 co z&nbsp;nimi zrobi\u0107 (albo si\u0119 nie pojawia). Tym razem by\u0142o inaczej &#8211; jad\u0105c na Islandi\u0119, wiedzia\u0142em, \u017ce b\u0119d\u0119 chcia\u0142 znale\u017a\u0107 t\u0142o do znanej mi muzyki.<\/p>\n<p style=\"text-align: justify;\">Zesp\u00f3\u0142 Sigur Ros powsta\u0142 w latach dziewi\u0119\u0107dziesi\u0105tych i zadziwi\u0142 \u015bwiat muzyk\u0105, jakiej nikt wtedy nie gra\u0142. Wprowadzi\u0142 nieznane dot\u0105d kombinacje d\u017awi\u0119k\u00f3w, np. gra smyczkiem na strunach elektrycznej gitary, cz\u0119ste u\u017cycie falsetu. Teksty te\u017c by\u0142y niezwyk\u0142e cho\u0107by dlatego, \u017ce \u015bpiewali po islandzku, a potem &#8211; nawet w&nbsp;fikcyjnym wymy\u015blonym przez nich j\u0119zyku. Oczywi\u015bcie bardzo szybko skojarzono muzyk\u0119 Sigur Ros z krajobrazami Islandii, a ten j\u0119zyk &#8211; z j\u0119zykiem elf\u00f3w. Zapraszam zatem na kolejn\u0105 pr\u00f3b\u0119 po\u0142\u0105czenia niezwyk\u0142ych krajobraz\u00f3w Islandii z&nbsp;niezwyk\u0142\u0105 muzyk\u0105 Sigur Ros.<\/p>\n\n<div id=\"attachment_586\" style=\"width: 310px\" class=\"wp-caption aligncenter\"><a class=\"fancybox-vimeo\" href=\"http:\/\/player.vimeo.com\/video\/272067527?title=0;byline=0;portrait=0;autoplay=1;loop=1;quality=720p\"><img loading=\"lazy\" decoding=\"async\" aria-describedby=\"caption-attachment-586\" class=\"wp-image-586 size-medium\" title=\"Prze\u017cy\u0107 dzie\u0144 jak elf...\" src=\"https:\/\/www.piat.type.pl\/swiat\/wp-content\/uploads\/2018\/05\/jakelf-4-300x300.jpg\" alt=\"\" width=\"300\" height=\"300\"><\/a><p id=\"caption-attachment-586\" class=\"wp-caption-text\">Kliknij na obrazek, aby zobaczy\u0107 film<\/p><\/div>\n<p><br \/>\n<\/p>\n<p style=\"text-align: center;\">Zdj\u0119cia:<br \/>\n<strong> Regina i Andrzej Pi\u0105tek<\/strong><\/p>\n<p style=\"text-align: center;\">Muzyka:<br \/>\n<strong> Sigur R\u00f3s &#8211; &#8222;Svefn-G-Englar&#8221;<\/strong><\/p>\n","protected":false},"excerpt":{"rendered":"<p>Islandia &#8211; odwiedzili\u015bmy j\u0105 we wrze\u015bniu 2017 roku z zamiarem zag\u0142\u0119bienia si\u0119 w&nbsp;islandzki interior, ale nie samochodem terenowym, jak to si\u0119 robi najcz\u0119\u015bciej, tylko piechot\u0105 &#8211; z&nbsp;namiotem. To jest pewne wyzwanie, bo klimat bywa ci\u0119\u017cki, ale my tak lubimy najbardziej &#8211; to daje szanse na dotarcie do miejsc, gdzie nikogo nie spotkamy. Dla mnie s\u0105 [&hellip;]<\/p>\n","protected":false},"author":1,"featured_media":585,"parent":0,"menu_order":4,"comment_status":"closed","ping_status":"closed","template":"","meta":{"footnotes":""},"class_list":["post-1465","page","type-page","status-publish","has-post-thumbnail","hentry"],"_links":{"self":[{"href":"https:\/\/www.piat.type.pl\/swiat\/wp-json\/wp\/v2\/pages\/1465","targetHints":{"allow":["GET"]}}],"collection":[{"href":"https:\/\/www.piat.type.pl\/swiat\/wp-json\/wp\/v2\/pages"}],"about":[{"href":"https:\/\/www.piat.type.pl\/swiat\/wp-json\/wp\/v2\/types\/page"}],"author":[{"embeddable":true,"href":"https:\/\/www.piat.type.pl\/swiat\/wp-json\/wp\/v2\/users\/1"}],"replies":[{"embeddable":true,"href":"https:\/\/www.piat.type.pl\/swiat\/wp-json\/wp\/v2\/comments?post=1465"}],"version-history":[{"count":1,"href":"https:\/\/www.piat.type.pl\/swiat\/wp-json\/wp\/v2\/pages\/1465\/revisions"}],"predecessor-version":[{"id":1808,"href":"https:\/\/www.piat.type.pl\/swiat\/wp-json\/wp\/v2\/pages\/1465\/revisions\/1808"}],"wp:featuredmedia":[{"embeddable":true,"href":"https:\/\/www.piat.type.pl\/swiat\/wp-json\/wp\/v2\/media\/585"}],"wp:attachment":[{"href":"https:\/\/www.piat.type.pl\/swiat\/wp-json\/wp\/v2\/media?parent=1465"}],"curies":[{"name":"wp","href":"https:\/\/api.w.org\/{rel}","templated":true}]}}